{"id":2783,"date":"2021-02-02T13:56:43","date_gmt":"2021-02-02T13:56:43","guid":{"rendered":"https:\/\/misteriodeobanos.org\/home\/"},"modified":"2025-05-15T11:25:03","modified_gmt":"2025-05-15T11:25:03","slug":"home","status":"publish","type":"page","link":"https:\/\/misteriodeobanos.org\/fr\/","title":{"rendered":"HOME"},"content":{"rendered":"<div class=\"wpb-content-wrapper\"><p>[vc_section][vc_row tm_bgimagefixed=\u00a0\u00bb\u00a0\u00bb disable_element=\u00a0\u00bbyes\u00a0\u00bb][vc_column][vc_empty_space][\/vc_column][\/vc_row][vc_row tm_bgcolor=\u00a0\u00bbgrey\u00a0\u00bb tm_bgimagefixed=\u00a0\u00bb\u00a0\u00bb disable_element=\u00a0\u00bbyes\u00a0\u00bb css=\u00a0\u00bb.vc_custom_1700151966683{margin-top: 30px !important;}\u00a0\u00bb][vc_column width=\u00a0\u00bb1\/2&Prime;]<div class=\"tm-element-heading-wrapper tm-heading-inner tm-element-align-left tm-seperator-none tm-heading-style-vertical \"><section class=\"tm-vc_cta3-container\"><div class=\"tm-vc_general tm-vc_cta3 tm-cta3-only tm-vc_cta3-style-classic tm-vc_cta3-shape-rounded tm-vc_cta3-align-left tm-vc_cta3-color-transparent tm-vc_cta3-icon-size-md tm-vc_cta3-actions-no tm-cta3-without-desc\"><div class=\"tm-vc_cta3_content-container\"><div class=\"tm-vc_cta3-content\"><header class=\"tm-vc_cta3-content-header tm-wrap\"><div class=\"tm-vc_cta3-headers tm-wrap-cell\"><h4 class=\"tm-custom-heading \" >NOUS AVONS D\u00c9J\u00c0 UN GAGNANT<\/h4>\n<h2 class=\"tm-custom-heading \" >IV CONCOURS CHORAL 2023<\/h2>\n<\/div><div class=\"heading-seperator\"><span><\/span><\/div><\/header><\/div><\/div><\/div><\/section><\/div> <!-- .tm-element-heading-wrapper container --> [\/vc_column][vc_column width=\u00a0\u00bb1\/2&Prime;][vc_btn title=\u00a0\u00bbVOIR PLUS\u00a0\u00bb link=\u00a0\u00bburl:https%3A%2F%2Fmisteriodeobanos.org%2Ffr%2Fle-choeur-de-chambre-salix-cantor-premier-prix-du-concours-national-de-chant-choral-arnotegui-de-musique-medievale-et-de-la-renaissance%2F\u00a0\u00bb][\/vc_column][\/vc_row][vc_row tm_bgimagefixed=\u00a0\u00bb\u00a0\u00bb disable_element=\u00a0\u00bbyes\u00a0\u00bb][vc_column][vc_empty_space][\/vc_column][\/vc_row][\/vc_section][vc_row tm_bgimagefixed=\u00a0\u00bb\u00a0\u00bb break_in_responsive=\u00a0\u00bb991&Prime; tm_responsive_css=\u00a0\u00bb35979899|colbreak_no|||||||||colbreak_no|||||30px||30px||colbreak_no||||||||||colbreak_no|||||||||\u00a0\u00bb][vc_column][vc_row_inner][vc_column_inner][vc_empty_space height=\u00a0\u00bb64px\u00a0\u00bb][vc_cta h2=\u00a0\u00bbVous pouvez voir notre garde-robe ici.\u00a0\u00bb h2_font_container=\u00a0\u00bbtag:h3|text_align:center\u00a0\u00bb h2_google_fonts=\u00a0\u00bbfont_family:Roboto%3A100%2C100italic%2C300%2C300italic%2Cregular%2Citalic%2C500%2C500italic%2C700%2C700italic%2C900%2C900italic|font_style:400%20regular%3A400%3Anormal\u00a0\u00bb txt_align=\u00a0\u00bbcenter\u00a0\u00bb add_button=\u00a0\u00bbright\u00a0\u00bb btn_title=\u00a0\u00bbCostumes\u00a0\u00bb btn_color=\u00a0\u00bbjuicy-pink\u00a0\u00bb use_custom_fonts_h2=\u00a0\u00bbtrue\u00a0\u00bb btn_link=\u00a0\u00bburl:https%3A%2F%2Fvestuario.misteriodeobanos.org%2F|target:_blank\u00a0\u00bb][\/vc_cta][vc_empty_space height=\u00a0\u00bb64px\u00a0\u00bb][\/vc_column_inner][\/vc_row_inner]<div class=\"themetechmount-boxes themetechmount-boxes-blog themetechmount-boxes-view-carousel themetechmount-boxes-col-three themetechmount-boxes-sortable-no themetechmount-boxes-textalign-center tm-cta3-rev-heading tm-boxes-carousel-arrow-round tm-boxes-carousel-arrows-hide\" data-tm-speed=\"1500\" data-tm-autoplay=\"0\" data-tm-autoplayspeed=\"4500\" data-tm-loop=\"1\" data-tm-dots=\"0\" data-tm-nav=\"hide\" data-tm-centermode=\"0\" data-tm-arrowtype=\"round\" data-tm-pauseonfocus=\"1\" data-tm-pauseonhover=\"1\" data-tm-slidestoscroll=\"1\" data-tm-effecttype=\"slide\">\n\t\t<div class=\"themetechmount-boxes-inner themetechmount-boxes-blog-inner \"><div class=\"themetechmount-box-heading-wrapper tm-element-align-center\"><div class=\"tm-element-heading-wrapper tm-heading-inner tm-element-align-center tm-seperator-none tm-heading-style-horizontal \"><section class=\"tm-vc_cta3-container\"><div class=\"tm-vc_general tm-vc_cta3 tm-cta3-only tm-vc_cta3-style-classic tm-vc_cta3-shape-rounded tm-vc_cta3-align-center tm-vc_cta3-color-transparent tm-vc_cta3-icon-size-md tm-vc_cta3-actions-no tm-cta3-with-desc\"><div class=\"tm-vc_cta3_content-container\"><div class=\"tm-vc_cta3-content\"><header class=\"tm-vc_cta3-content-header tm-wrap\"><div class=\"tm-vc_cta3-headers tm-wrap-cell\"><h4 class=\"tm-custom-heading \" >NOUVELLES<\/h4>\n<h2 class=\"tm-custom-heading \" >Derni\u00e8res <b>nouvelles et \u00e9v\u00e9nements<\/b><\/h2>\n<\/div><div class=\"heading-seperator\"><span><\/span><\/div><\/header><div class=\"tm-cta3-content-wrapper\"><p>Nouvelles et \u00e9v\u00e9nements r\u00e9alis\u00e9s par le Misterio de Obanos.<\/p><\/div><\/div><\/div><\/div><\/section><\/div> <!-- .tm-element-heading-wrapper container --> <\/div> <!-- .tm-element-heading-wrapper container --> \n\t\t\t\t\n\t\t\t\t<div class=\"row multi-columns-row themetechmount-boxes-row-wrapper\">\n\t\t\t\t\t<div class=\"tm-box-col-wrapper col-lg-4 col-sm-6 col-md-4 col-xs-12 concours\"><article class=\"themetechmount-box themetechmount-box-blog themetechmount-blogbox-styleone themetechmount-blogbox-format- \">\n\t<div class=\"post-item\">\n\t\t<div class=\"themetechmount-box-content\">\t\t\n\t\t\t<div class=\"tm-featured-outer-wrapper tm-post-featured-outer-wrapper\">\n\t\t\t\t<div class=\"tm-featured-wrapper tm-post-featured-wrapper tm-post-format-\"><a href=\"https:\/\/misteriodeobanos.org\/fr\/obanos-une-scene-pour-la-musique-chorale-ancienne\/\"><img loading=\"lazy\" decoding=\"async\" width=\"600\" height=\"430\" src=\"https:\/\/misteriodeobanos.org\/wp-content\/uploads\/2025\/05\/Coral-Camino-cartel-600x430.webp\" class=\"attachment-themetechmount-img-blog-top size-themetechmount-img-blog-top wp-post-image\" alt=\"\" data-id=\"5103\" \/><\/a><\/div>\t\t\t<\/div>\t\t\n\t\t\t<div class=\"themetechmount-box-desc\">\n\t\t\t\t<div class=\"tm-box-post-date\">\n\t\t\t\t<div class=\"themetechmount-post-date-wrapper\"><div class=\"themetechmount-entry-date-wrapper\"><span class=\"themetechmount-entry-date\"><time class=\"entry-date\" datetime=\"2025-05-19T16:13:25+00:00\">19<span class=\"entry-month entry-year\">Mai<span class=\"entry-year\">2025<\/span><\/span><\/time><\/span><\/div><\/div>\t\t\t\t<\/div>\n\t\t\t\t<div class=\"entry-header\">\n\t\t\t\t\t<div class=\"tm-entry-meta-wrapper\"><div class=\"entry-meta tm-entry-meta tm-entry-meta-blogbox\"><span class=\"tm-meta-line posted-on\"><i class=\"tm-fablio-icon-calendar\"><\/i> <span class=\"screen-reader-text tm-hide\">Posted on <\/span><a href=\"https:\/\/misteriodeobanos.org\/fr\/obanos-une-scene-pour-la-musique-chorale-ancienne\/\" rel=\"bookmark\"><time class=\"entry-date published\" datetime=\"2025-05-19T16:13:25+00:00\">19 de mai de 2025<\/time><time class=\"updated tm-hide\" datetime=\"2025-05-19T17:02:35+00:00\">19 de mai de 2025<\/time><\/a><\/span><\/div><\/div>\t\t\t\t\t<div class=\"themetechmount-box-title\"><h4><a href=\"https:\/\/misteriodeobanos.org\/fr\/obanos-une-scene-pour-la-musique-chorale-ancienne\/\">Obanos, une sc\u00e8ne pour la musique chorale ancienne<\/a><\/h4><\/div>\t\t\t\t\t&nbsp; Le Coral del Camino de Burgos a remport\u00e9 le premier prix du jury...\t\t\t\t\t\t\t\t\t<\/div>\t\t\t\t\t\t\n\t\t\t<\/div>\n        <\/div>\n\t<\/div>\n<\/article>\n<\/div><div class=\"tm-box-col-wrapper col-lg-4 col-sm-6 col-md-4 col-xs-12 concours\"><article class=\"themetechmount-box themetechmount-box-blog themetechmount-blogbox-styleone themetechmount-blogbox-format- \">\n\t<div class=\"post-item\">\n\t\t<div class=\"themetechmount-box-content\">\t\t\n\t\t\t<div class=\"tm-featured-outer-wrapper tm-post-featured-outer-wrapper\">\n\t\t\t\t<div class=\"tm-featured-wrapper tm-post-featured-wrapper tm-post-format-\"><a href=\"https:\/\/misteriodeobanos.org\/fr\/communique-de-presse-concours-choral-2025\/\"><img loading=\"lazy\" decoding=\"async\" width=\"600\" height=\"430\" src=\"https:\/\/misteriodeobanos.org\/wp-content\/uploads\/2025\/05\/Nota-de-prensa-CONCURSO-CORALES-2025.FR_-600x430.webp\" class=\"attachment-themetechmount-img-blog-top size-themetechmount-img-blog-top wp-post-image\" alt=\"\" data-id=\"5033\" \/><\/a><\/div>\t\t\t<\/div>\t\t\n\t\t\t<div class=\"themetechmount-box-desc\">\n\t\t\t\t<div class=\"tm-box-post-date\">\n\t\t\t\t<div class=\"themetechmount-post-date-wrapper\"><div class=\"themetechmount-entry-date-wrapper\"><span class=\"themetechmount-entry-date\"><time class=\"entry-date\" datetime=\"2025-05-15T15:54:11+00:00\">15<span class=\"entry-month entry-year\">Mai<span class=\"entry-year\">2025<\/span><\/span><\/time><\/span><\/div><\/div>\t\t\t\t<\/div>\n\t\t\t\t<div class=\"entry-header\">\n\t\t\t\t\t<div class=\"tm-entry-meta-wrapper\"><div class=\"entry-meta tm-entry-meta tm-entry-meta-blogbox\"><span class=\"tm-meta-line posted-on\"><i class=\"tm-fablio-icon-calendar\"><\/i> <span class=\"screen-reader-text tm-hide\">Posted on <\/span><a href=\"https:\/\/misteriodeobanos.org\/fr\/communique-de-presse-concours-choral-2025\/\" rel=\"bookmark\"><time class=\"entry-date published\" datetime=\"2025-05-15T15:54:11+00:00\">15 de mai de 2025<\/time><time class=\"updated tm-hide\" datetime=\"2025-05-15T16:21:46+00:00\">15 de mai de 2025<\/time><\/a><\/span><\/div><\/div>\t\t\t\t\t<div class=\"themetechmount-box-title\"><h4><a href=\"https:\/\/misteriodeobanos.org\/fr\/communique-de-presse-concours-choral-2025\/\">COMMUNIQU\u00c9 DE PRESSE CONCOURS CHORAL 2025<\/a><\/h4><\/div>\t\t\t\t\tSur la photo (de gauche \u00e0 droite) : Javier del Cura (confr\u00e9rie ermite), M...\t\t\t\t\t\t\t\t\t<\/div>\t\t\t\t\t\t\n\t\t\t<\/div>\n        <\/div>\n\t<\/div>\n<\/article>\n<\/div><div class=\"tm-box-col-wrapper col-lg-4 col-sm-6 col-md-4 col-xs-12 concours evenements\"><article class=\"themetechmount-box themetechmount-box-blog themetechmount-blogbox-styleone themetechmount-blogbox-format- \">\n\t<div class=\"post-item\">\n\t\t<div class=\"themetechmount-box-content\">\t\t\n\t\t\t<div class=\"tm-featured-outer-wrapper tm-post-featured-outer-wrapper\">\n\t\t\t\t<div class=\"tm-featured-wrapper tm-post-featured-wrapper tm-post-format-\"><a href=\"https:\/\/misteriodeobanos.org\/fr\/finalistes-du-concours-de-musique-chorale-medievale-et-de-la-renaissance-arnotegui\/\"><img loading=\"lazy\" decoding=\"async\" width=\"600\" height=\"430\" src=\"https:\/\/misteriodeobanos.org\/wp-content\/uploads\/2025\/03\/Finalistas-Concurso25-600x430.jpg\" class=\"attachment-themetechmount-img-blog-top size-themetechmount-img-blog-top wp-post-image\" alt=\"\" data-id=\"4866\" \/><\/a><\/div>\t\t\t<\/div>\t\t\n\t\t\t<div class=\"themetechmount-box-desc\">\n\t\t\t\t<div class=\"tm-box-post-date\">\n\t\t\t\t<div class=\"themetechmount-post-date-wrapper\"><div class=\"themetechmount-entry-date-wrapper\"><span class=\"themetechmount-entry-date\"><time class=\"entry-date\" datetime=\"2025-03-05T17:46:05+00:00\">5<span class=\"entry-month entry-year\">Mar<span class=\"entry-year\">2025<\/span><\/span><\/time><\/span><\/div><\/div>\t\t\t\t<\/div>\n\t\t\t\t<div class=\"entry-header\">\n\t\t\t\t\t<div class=\"tm-entry-meta-wrapper\"><div class=\"entry-meta tm-entry-meta tm-entry-meta-blogbox\"><span class=\"tm-meta-line posted-on\"><i class=\"tm-fablio-icon-calendar\"><\/i> <span class=\"screen-reader-text tm-hide\">Posted on <\/span><a href=\"https:\/\/misteriodeobanos.org\/fr\/finalistes-du-concours-de-musique-chorale-medievale-et-de-la-renaissance-arnotegui\/\" rel=\"bookmark\"><time class=\"entry-date published\" datetime=\"2025-03-05T17:46:05+00:00\">5 de mars de 2025<\/time><time class=\"updated tm-hide\" datetime=\"2025-03-05T17:53:02+00:00\">5 de mars de 2025<\/time><\/a><\/span><\/div><\/div>\t\t\t\t\t<div class=\"themetechmount-box-title\"><h4><a href=\"https:\/\/misteriodeobanos.org\/fr\/finalistes-du-concours-de-musique-chorale-medievale-et-de-la-renaissance-arnotegui\/\">FINALISTES DU CONCOURS DE MUSIQUE CHORALE M\u00c9DI\u00c9VALE ET DE LA RENAISSANCE \u00ab ARNOTEGUI<\/a><\/h4><\/div>\t\t\t\t\tLes finalistes du concours de musique m\u00e9di\u00e9vale et de renaissance \u00ab Arno...\t\t\t\t\t\t\t\t\t<\/div>\t\t\t\t\t\t\n\t\t\t<\/div>\n        <\/div>\n\t<\/div>\n<\/article>\n<\/div><div class=\"tm-box-col-wrapper col-lg-4 col-sm-6 col-md-4 col-xs-12 publications-fr\"><article class=\"themetechmount-box themetechmount-box-blog themetechmount-blogbox-styleone themetechmount-blogbox-format- \">\n\t<div class=\"post-item\">\n\t\t<div class=\"themetechmount-box-content\">\t\t\n\t\t\t<div class=\"tm-featured-outer-wrapper tm-post-featured-outer-wrapper\">\n\t\t\t\t<div class=\"tm-featured-wrapper tm-post-featured-wrapper tm-post-format-\"><a href=\"https:\/\/misteriodeobanos.org\/fr\/joyeux-noel-2024\/\"><img loading=\"lazy\" decoding=\"async\" width=\"600\" height=\"430\" src=\"https:\/\/misteriodeobanos.org\/wp-content\/uploads\/2024\/12\/FELIZ-NAVIDAD-2024-FR-600x430.jpg\" class=\"attachment-themetechmount-img-blog-top size-themetechmount-img-blog-top wp-post-image\" alt=\"\" data-id=\"4844\" \/><\/a><\/div>\t\t\t<\/div>\t\t\n\t\t\t<div class=\"themetechmount-box-desc\">\n\t\t\t\t<div class=\"tm-box-post-date\">\n\t\t\t\t<div class=\"themetechmount-post-date-wrapper\"><div class=\"themetechmount-entry-date-wrapper\"><span class=\"themetechmount-entry-date\"><time class=\"entry-date\" datetime=\"2024-12-18T16:21:05+00:00\">18<span class=\"entry-month entry-year\">D\u00e9c<span class=\"entry-year\">2024<\/span><\/span><\/time><\/span><\/div><\/div>\t\t\t\t<\/div>\n\t\t\t\t<div class=\"entry-header\">\n\t\t\t\t\t<div class=\"tm-entry-meta-wrapper\"><div class=\"entry-meta tm-entry-meta tm-entry-meta-blogbox\"><span class=\"tm-meta-line posted-on\"><i class=\"tm-fablio-icon-calendar\"><\/i> <span class=\"screen-reader-text tm-hide\">Posted on <\/span><a href=\"https:\/\/misteriodeobanos.org\/fr\/joyeux-noel-2024\/\" rel=\"bookmark\"><time class=\"entry-date published\" datetime=\"2024-12-18T16:21:05+00:00\">18 de d\u00e9cembre de 2024<\/time><time class=\"updated tm-hide\" datetime=\"2024-12-18T17:02:07+00:00\">18 de d\u00e9cembre de 2024<\/time><\/a><\/span><\/div><\/div>\t\t\t\t\t<div class=\"themetechmount-box-title\"><h4><a href=\"https:\/\/misteriodeobanos.org\/fr\/joyeux-noel-2024\/\">Joyeux No\u00ebl 2024<\/a><\/h4><\/div>\t\t\t\t\t&nbsp; La Fondation Misterio de Obanos vous souhaite un joyeux No\u00ebl. &nb...\t\t\t\t\t\t\t\t\t<\/div>\t\t\t\t\t\t\n\t\t\t<\/div>\n        <\/div>\n\t<\/div>\n<\/article>\n<\/div>\n\t\t\t\t<\/div>\n\t\t\t<\/div><!-- .themetechmount-boxes-inner -->   <\/div><!-- .themetechmount-boxes -->  [vc_empty_space height=\u00a0\u00bb64px\u00a0\u00bb][\/vc_column][\/vc_row][vc_row tm_bgimagefixed=\u00a0\u00bbtrue\u00a0\u00bb full_width=\u00a0\u00bbstretch_row\u00a0\u00bb css=\u00a0\u00bb.vc_custom_1652290259046{margin-top: -12px !important;padding-top: 0px !important;padding-bottom: 150px !important;background-image: url(https:\/\/misteriodeobanos.org\/wp-content\/uploads\/2022\/05\/fondo1.jpg?id=1711) !important;}\u00a0\u00bb tm_responsive_css=\u00a0\u00bb72223674|colbreak_no|||||||||colbreak_no|||||||0px||colbreak_no||||||||||colbreak_no|||||||||\u00a0\u00bb][vc_column width=\u00a0\u00bb5\/12&Prime;][vc_row_inner css=\u00a0\u00bb.vc_custom_1615877091941{padding-right: 86px !important;padding-left: 54px !important;}\u00a0\u00bb tm_responsive_css=\u00a0\u00bb21412677|colbreak_no|||||||||colbreak_no|||15px|||0px||0px|colbreak_no||||||||||colbreak_no|||||||||\u00a0\u00bb][vc_column_inner tm_bgcolor=\u00a0\u00bbgrey\u00a0\u00bb css=\u00a0\u00bb.vc_custom_1615876963709{margin-top: -70px !important;padding-top: 80px !important;padding-right: 35px !important;padding-left: 35px !important;}\u00a0\u00bb tm_responsive_css=\u00a0\u00bb51391839|colbreak_no|||||||||colbreak_no|||||25px|15px||15px|colbreak_no||||||||||colbreak_no|||||||||\u00a0\u00bb]<div class=\"tm-element-heading-wrapper tm-heading-inner tm-element-align-left tm-seperator-none tm-heading-style-vertical \"><section class=\"tm-vc_cta3-container\"><div class=\"tm-vc_general tm-vc_cta3 tm-cta3-only tm-vc_cta3-style-classic tm-vc_cta3-shape-rounded tm-vc_cta3-align-left tm-vc_cta3-color-transparent tm-vc_cta3-icon-size-md tm-vc_cta3-actions-no tm-cta3-without-desc\"><div class=\"tm-vc_cta3_content-container\"><div class=\"tm-vc_cta3-content\"><header class=\"tm-vc_cta3-content-header tm-wrap\"><div class=\"tm-vc_cta3-headers tm-wrap-cell\"><h2 class=\"tm-custom-heading \" >Le myst\u00e8re <b>d'Obanos <\/b><\/h2>\n<\/div><div class=\"heading-seperator\"><span><\/span><\/div><\/header><\/div><\/div><\/div><\/section><\/div> <!-- .tm-element-heading-wrapper container --> [vc_column_text css=\u00a0\u00bb.vc_custom_1655196431228{margin-top: -22px !important;margin-bottom: 37px !important;}\u00a0\u00bb]Un spectacle de reconstitution historique qui a \u00e9t\u00e9 connu sous le nom de \u00ab\u00a0Myst\u00e8re d&rsquo;Obanos\u00a0\u00bb ou \u00ab\u00a0Myst\u00e8re de San Guill\u00e9n et Santa Felicia\u00a0\u00bb.[\/vc_column_text][\/vc_column_inner][\/vc_row_inner][vc_row_inner css=\u00a0\u00bb.vc_custom_1615878786389{margin-right: 15px !important;padding-bottom: 0px !important;}\u00a0\u00bb tm_responsive_css=\u00a0\u00bb19576919|colbreak_no|||||||||colbreak_no||-15px|||||||colbreak_no||||||||||colbreak_no|||||||||\u00a0\u00bb][vc_column_inner el_class=\u00a0\u00bbtm-custome-center-video-icon\u00a0\u00bb][vc_single_image image=\u00a0\u00bb4977&Prime; img_size=\u00a0\u00bbfull\u00a0\u00bb css=\u00a0\u00bb\u00a0\u00bb el_class=\u00a0\u00bbtm-img-hoverstyle1&Prime;][\/vc_column_inner][\/vc_row_inner][vc_row_inner css=\u00a0\u00bb.vc_custom_1615878343173{margin-top: 0px !important;padding-top: 0px !important;padding-right: 98px !important;padding-left: 40px !important;}\u00a0\u00bb tm_responsive_css=\u00a0\u00bb36608444|colbreak_no|||||||||colbreak_no|15px|||||0px||0px|colbreak_no||||||||||colbreak_no|||||||||\u00a0\u00bb][vc_column_inner tm_bgcolor=\u00a0\u00bbgrey\u00a0\u00bb css=\u00a0\u00bb.vc_custom_1615878368396{margin-top: -35px !important;margin-right: 10px !important;margin-left: 13px !important;padding-top: 30px !important;}\u00a0\u00bb tm_responsive_css=\u00a0\u00bb99635083|colbreak_no|||||||||colbreak_no||0px||0px|||||colbreak_no||||||||||colbreak_no|||||||||\u00a0\u00bb][vc_column_text css=\u00a0\u00bb\u00a0\u00bb]<\/p>\n<p style=\"text-align: center;\">Myst\u00e8re d&rsquo;Obanos<\/p>\n<p>[\/vc_column_text][\/vc_column_inner][\/vc_row_inner][\/vc_column][vc_column width=\u00a0\u00bb7\/12&Prime; css=\u00a0\u00bb.vc_custom_1613990024895{padding-top: 10px !important;}\u00a0\u00bb][vc_row_inner break_in_responsive=\u00a0\u00bb991&Prime; equal_height=\u00a0\u00bbyes\u00a0\u00bb el_class=\u00a0\u00bbtm-col-seprator\u00a0\u00bb tm_responsive_css=\u00a0\u00bb65786530|colbreak_no|||||||||colbreak_no|||||10px||||colbreak_no||||||||||colbreak_no|||||||||\u00a0\u00bb][vc_column_inner width=\u00a0\u00bb1\/2&Prime; css=\u00a0\u00bb.vc_custom_1615271889081{padding-bottom: 15px !important;}\u00a0\u00bb]<div class=\"themetechmount-iconbox themetechmount-iconbox-styleone vc_custom_1655196533402 box-with-rbutton\">\n\t<div class=\"themetechmount-iconbox-inner\">\n\t\t<div class=\"tm-iconbox-wrapper\">\n\t\t\t<div class=\"themetechmount-iconbox-icon \">\n\t\t\t\n\t\t\t\t<div class=\"tm-box-icon\"><i class=\"kw_fablio flaticon-factory\"><\/i><\/div>\t\t\t\t\n\t\t\t<\/div>\n\t\t\t<div class=\"themetechmount-iconbox-heading\">\n\t\t\t\t<div class=\"tm-vc_general tm-vc_cta3 tm-cta3-only tm-vc_cta3-style-classic tm-vc_cta3-shape-rounded tm-vc_cta3-align-left tm-vc_cta3-color-transparent tm-vc_cta3-icon-size-md tm-vc_cta3-actions-no tm-cta3-without-desc\"><div class=\"tm-vc_cta3_content-container\"><div class=\"tm-vc_cta3-content\"><header class=\"tm-vc_cta3-content-header tm-wrap\"><div class=\"tm-vc_cta3-headers tm-wrap-cell\"><h2 class=\"tm-custom-heading \">Le Myst\u00e8re<\/h2>\n<\/div><div class=\"heading-seperator\"><span><\/span><\/div><\/header><\/div><\/div><\/div>\t\t\t\t<div class=\"tm-cta3-content-wrapper\">\u00ab\u00a0Myst\u00e8re d&rsquo;Obanos\u00a0\u00bb, donne une forme litt\u00e9raire \u00e0 une l\u00e9gende s\u00e9culaire du XIVe si\u00e8cle concernant les fils des ducs d&rsquo;Aquitaine.<\/div>\t\t\t\t\r\n\t\t<div class=\"tm-vc_btn3-container tm-vc_btn3-inline\"><a class=\"tm-vc_general tm-vc_btn3 tm-vc_btn3-size-md tm-vc_btn3-shape-rounded tm-vc_btn3-style-text tm-vc_btn3-weight-no tm-vc_btn3-color-black\" href=\"\/misterio\" title=\"\">Leer M\u00e1s<\/a><\/div>\t\t\t<\/div>\t\n\t\t<\/div>\n\t<\/div>\t\n<\/div>\n[\/vc_column_inner][vc_column_inner width=\u00a0\u00bb1\/2&Prime; css=\u00a0\u00bb.vc_custom_1615878906476{padding-bottom: 15px !important;padding-left: 45px !important;}\u00a0\u00bb tm_responsive_css=\u00a0\u00bb77506068|colbreak_no|||||||||colbreak_no|-20px|||||||15px|colbreak_no||||||||||colbreak_no|||||||||\u00a0\u00bb]<div class=\"themetechmount-iconbox themetechmount-iconbox-styleone vc_custom_1655196634840 box-with-rbutton\">\n\t<div class=\"themetechmount-iconbox-inner\">\n\t\t<div class=\"tm-iconbox-wrapper\">\n\t\t\t<div class=\"themetechmount-iconbox-icon \">\n\t\t\t\n\t\t\t\t<div class=\"tm-box-icon\"><i class=\"kw_fablio flaticon-suit\"><\/i><\/div>\t\t\t\t\n\t\t\t<\/div>\n\t\t\t<div class=\"themetechmount-iconbox-heading\">\n\t\t\t\t<div class=\"tm-vc_general tm-vc_cta3 tm-cta3-only tm-vc_cta3-style-classic tm-vc_cta3-shape-rounded tm-vc_cta3-align-left tm-vc_cta3-color-transparent tm-vc_cta3-icon-size-md tm-vc_cta3-actions-no tm-cta3-without-desc\"><div class=\"tm-vc_cta3_content-container\"><div class=\"tm-vc_cta3-content\"><header class=\"tm-vc_cta3-content-header tm-wrap\"><div class=\"tm-vc_cta3-headers tm-wrap-cell\"><h2 class=\"tm-custom-heading \">La garde-robe<\/h2>\n<\/div><div class=\"heading-seperator\"><span><\/span><\/div><\/header><\/div><\/div><\/div>\t\t\t\t<div class=\"tm-cta3-content-wrapper\">La riche garde-robe est compos\u00e9e de 1 056 costumes, chacun avec ses accessoires correspondants.<br \/>\n<\/div>\t\t\t\t\r\n\t\t<div class=\"tm-vc_btn3-container tm-vc_btn3-inline\"><a class=\"tm-vc_general tm-vc_btn3 tm-vc_btn3-size-md tm-vc_btn3-shape-rounded tm-vc_btn3-style-text tm-vc_btn3-weight-no tm-vc_btn3-color-black\" href=\"\/vestuario\" title=\"\">Leer M\u00e1s<\/a><\/div>\t\t\t<\/div>\t\n\t\t<\/div>\n\t<\/div>\t\n<\/div>\n[\/vc_column_inner][\/vc_row_inner][vc_separator color=\u00a0\u00bbcustom\u00a0\u00bb css=\u00a0\u00bb.vc_custom_1615879482100{margin-bottom: 0px !important;}\u00a0\u00bb accent_color=\u00a0\u00bb#eeeeee\u00a0\u00bb el_class=\u00a0\u00bbtm-hide991px\u00a0\u00bb][vc_row_inner break_in_responsive=\u00a0\u00bb991&Prime; equal_height=\u00a0\u00bbyes\u00a0\u00bb el_class=\u00a0\u00bbtm-col-seprator\u00a0\u00bb css=\u00a0\u00bb.vc_custom_1615879758677{padding-top: 1px !important;}\u00a0\u00bb tm_responsive_css=\u00a0\u00bb46831117|colbreak_no|||||||||colbreak_no|-35px||||||||colbreak_no||||||||||colbreak_no|||||||||\u00a0\u00bb][vc_column_inner width=\u00a0\u00bb1\/2&Prime; css=\u00a0\u00bb.vc_custom_1614836731819{padding-top: 25px !important;}\u00a0\u00bb]<div class=\"themetechmount-iconbox themetechmount-iconbox-styleone vc_custom_1655196674783 box-with-rbutton\">\n\t<div class=\"themetechmount-iconbox-inner\">\n\t\t<div class=\"tm-iconbox-wrapper\">\n\t\t\t<div class=\"themetechmount-iconbox-icon \">\n\t\t\t\n\t\t\t\t<div class=\"tm-box-icon\"><i class=\"vc_li vc_li-calendar\"><\/i><\/div>\t\t\t\t\n\t\t\t<\/div>\n\t\t\t<div class=\"themetechmount-iconbox-heading\">\n\t\t\t\t<div class=\"tm-vc_general tm-vc_cta3 tm-cta3-only tm-vc_cta3-style-classic tm-vc_cta3-shape-rounded tm-vc_cta3-align-left tm-vc_cta3-color-transparent tm-vc_cta3-icon-size-md tm-vc_cta3-actions-no tm-cta3-without-desc\"><div class=\"tm-vc_cta3_content-container\"><div class=\"tm-vc_cta3-content\"><header class=\"tm-vc_cta3-content-header tm-wrap\"><div class=\"tm-vc_cta3-headers tm-wrap-cell\"><h2 class=\"tm-custom-heading \">Histoire<\/h2>\n<\/div><div class=\"heading-seperator\"><span><\/span><\/div><\/header><\/div><\/div><\/div>\t\t\t\t<div class=\"tm-cta3-content-wrapper\">Il a \u00e9t\u00e9 lu pour la premi\u00e8re fois le mercredi 25 avril 1962, la veille de la Saint William&rsquo;s Day.<br \/>\n<\/div>\t\t\t\t\r\n\t\t<div class=\"tm-vc_btn3-container tm-vc_btn3-inline\"><a class=\"tm-vc_general tm-vc_btn3 tm-vc_btn3-size-md tm-vc_btn3-shape-rounded tm-vc_btn3-style-text tm-vc_btn3-weight-no tm-vc_btn3-color-black\" href=\"\/historia\" title=\"\">Leer M\u00e1s<\/a><\/div>\t\t\t<\/div>\t\n\t\t<\/div>\n\t<\/div>\t\n<\/div>\n[\/vc_column_inner][vc_column_inner width=\u00a0\u00bb1\/2&Prime; css=\u00a0\u00bb.vc_custom_1615878967004{padding-top: 25px !important;padding-left: 45px !important;}\u00a0\u00bb tm_responsive_css=\u00a0\u00bb46077691|colbreak_no|||||||||colbreak_no|-15px||||0px|||15px|colbreak_no||||||||||colbreak_no|||||||||\u00a0\u00bb]<div class=\"themetechmount-iconbox themetechmount-iconbox-styleone vc_custom_1655196696308 box-with-rbutton\">\n\t<div class=\"themetechmount-iconbox-inner\">\n\t\t<div class=\"tm-iconbox-wrapper\">\n\t\t\t<div class=\"themetechmount-iconbox-icon \">\n\t\t\t\n\t\t\t\t<div class=\"tm-box-icon\"><i class=\"vc_li vc_li-news\"><\/i><\/div>\t\t\t\t\n\t\t\t<\/div>\n\t\t\t<div class=\"themetechmount-iconbox-heading\">\n\t\t\t\t<div class=\"tm-vc_general tm-vc_cta3 tm-cta3-only tm-vc_cta3-style-classic tm-vc_cta3-shape-rounded tm-vc_cta3-align-left tm-vc_cta3-color-transparent tm-vc_cta3-icon-size-md tm-vc_cta3-actions-no tm-cta3-without-desc\"><div class=\"tm-vc_cta3_content-container\"><div class=\"tm-vc_cta3-content\"><header class=\"tm-vc_cta3-content-header tm-wrap\"><div class=\"tm-vc_cta3-headers tm-wrap-cell\"><h2 class=\"tm-custom-heading \">Santos Beriguist\u00e1in<\/h2>\n<\/div><div class=\"heading-seperator\"><span><\/span><\/div><\/header><\/div><\/div><\/div>\t\t\t\t<div class=\"tm-cta3-content-wrapper\">Le pr\u00eatre d&rsquo;Obanos, Don Santos Beguirist\u00e1in, a r\u00e9dig\u00e9 le texte initial \u00ab\u00a0Sur le martyre de Sainte F\u00e9licia &#8230;\u00a0\u00bb.<br \/>\n<\/div>\t\t\t\t\r\n\t\t<div class=\"tm-vc_btn3-container tm-vc_btn3-inline\"><a class=\"tm-vc_general tm-vc_btn3 tm-vc_btn3-size-md tm-vc_btn3-shape-rounded tm-vc_btn3-style-text tm-vc_btn3-weight-no tm-vc_btn3-color-black\" href=\"\/santos-beriguistain\" title=\"\">Leer M\u00e1s<\/a><\/div>\t\t\t<\/div>\t\n\t\t<\/div>\n\t<\/div>\t\n<\/div>\n[\/vc_column_inner][\/vc_row_inner][\/vc_column][\/vc_row][vc_row tm_bgcolor=\u00a0\u00bbgrey\u00a0\u00bb tm_bgimagefixed=\u00a0\u00bb\u00a0\u00bb break_in_responsive=\u00a0\u00bb991&Prime; full_width=\u00a0\u00bbstretch_row\u00a0\u00bb tm_responsive_css=\u00a0\u00bb41793898|colbreak_no|||||||||colbreak_no|||||50px||15px||colbreak_no||||||||||colbreak_no|||||||||\u00a0\u00bb][vc_column][\/vc_column][vc_column width=\u00a0\u00bb1\/2&Prime;]<div class=\"tm-element-heading-wrapper tm-heading-inner tm-element-align-left tm-seperator-none tm-heading-style-vertical \"><section class=\"tm-vc_cta3-container\"><div class=\"tm-vc_general tm-vc_cta3 tm-cta3-only tm-vc_cta3-style-classic tm-vc_cta3-shape-rounded tm-vc_cta3-align-left tm-vc_cta3-color-transparent tm-vc_cta3-icon-size-md tm-vc_cta3-actions-no tm-cta3-with-desc\"><div class=\"tm-vc_cta3_content-container\"><div class=\"tm-vc_cta3-content\"><header class=\"tm-vc_cta3-content-header tm-wrap\"><div class=\"tm-vc_cta3-headers tm-wrap-cell\"><h4 class=\"tm-custom-heading \" >OBJECTIFS DE LA FONDATION<\/h4>\n<h2 class=\"tm-custom-heading \" >La Fundaci\u00f3n Misterio de Obanos a \u00e9t\u00e9 constitu\u00e9e <b>le 29 mars 1993<\/b><\/h2>\n<\/div><div class=\"heading-seperator\"><span><\/span><\/div><\/header><div class=\"tm-cta3-content-wrapper\"><p>\u00c0 l&rsquo;initiative de diverses institutions, entit\u00e9s publiques et priv\u00e9es de la Communaut\u00e9 autonome de Navarre, dans le but d&rsquo;encourager la r\u00e9cup\u00e9ration et la promotion de cette repr\u00e9sentation populaire.<\/p><\/div><\/div><\/div><\/div><\/section><\/div> <!-- .tm-element-heading-wrapper container --> [vc_row_inner break_in_responsive=\u00a0\u00bb991&Prime; css=\u00a0\u00bb.vc_custom_1615032066436{margin-top: -18px !important;}\u00a0\u00bb][vc_column_inner]<ul class=\"tm-list tm-list-style-icon tm-list-icon-color-skincolor tm-black tm-icon-skincolor tm-list-textsize- tm-list-icon-library-fontawesome tm-bordered-lists\"><li><i class=\"tm-skincolor fa fa-check\"><\/i>  <span class=\"tm-list-li-content\">Contribuer \u00e0 la r\u00e9cup\u00e9ration de la repr\u00e9sentation du \"Misterio de Obanos\", ainsi qu'\u00e0 son organisation et \u00e0 sa mise en \u0153uvre, en veillant \u00e0 ce que l'esprit original de l'\u0153uvre soit maintenu.\n\n\n<\/span><\/li><li><i class=\"tm-skincolor fa fa-check\"><\/i>  <span class=\"tm-list-li-content\">Conserver, prot\u00e9ger et sauvegarder les biens qui constituent actuellement le patrimoine de la Fondation \"Misterio de Obanos\" et tout autre bien qui pourrait \u00eatre incorpor\u00e9 \u00e0 ce patrimoine.\n\n<\/span><\/li><li><i class=\"tm-skincolor fa fa-check\"><\/i>  <span class=\"tm-list-li-content\">Promouvoir toute autre activit\u00e9 directement ou indirectement li\u00e9e \u00e0 la c\u00e9l\u00e9bration du \"Misterio de Obanos\".\n<\/span><\/li><li><i class=\"tm-skincolor fa fa-check\"><\/i>  <span class=\"tm-list-li-content\">Contribuer \u00e0 la promotion et au d\u00e9veloppement de programmes visant \u00e0 r\u00e9cup\u00e9rer les valeurs du chemin de Saint-Jacques-de-Compostelle en Navarre.<\/span><\/li><\/ul>[\/vc_column_inner][\/vc_row_inner][vc_row_inner el_class=\u00a0\u00bbtm-column-inline\u00a0\u00bb css=\u00a0\u00bb.vc_custom_1615457688514{padding-top: 23px !important;}\u00a0\u00bb][vc_column_inner]\r\n\t\t<div class=\"tm-vc_btn3-container tm-vc_btn3-inline vc_custom_1655196863809\"><a class=\"tm-vc_general tm-vc_btn3 tm-vc_btn3-size-md tm-vc_btn3-shape-square tm-vc_btn3-style-flat tm-vc_btn3-weight-no tm-vc_btn3-color-skincolor\" href=\"https:\/\/misteriodeobanos.org\/fr\/foundation\/\" title=\"FOUNDATION\">Voir plus !<\/a><\/div>\r\n\t\t<div class=\"tm-vc_btn3-container tm-vc_btn3-inline\"><a class=\"tm-vc_general tm-vc_btn3 tm-vc_btn3-size-md tm-vc_btn3-shape-square tm-vc_btn3-style-outline tm-vc_btn3-weight-no tm-vc_btn3-color-black\" href=\"https:\/\/misteriodeobanos.org\/fr\/contact\/\" title=\"CONTACT\">Contact<\/a><\/div>[\/vc_column_inner][\/vc_row_inner][\/vc_column][vc_column width=\u00a0\u00bb1\/2&Prime; css=\u00a0\u00bb.vc_custom_1616565368371{margin-top: -245px !important;padding-top: 22px !important;}\u00a0\u00bb tm_responsive_css=\u00a0\u00bb13702896|colbreak_no|||||||||colbreak_no|0px||||0px||||colbreak_no||||||||||colbreak_no|||||||||\u00a0\u00bb el_class=\u00a0\u00bbtm-reset-content-left-991&Prime;]<div class=\"tm-single-image-wrapper imagestyle-five wpb_single_image vc_align_right tm-img-hoverstyle1\"><div class=\"tm-single-image-inner\"><img decoding=\"async\" src=\"https:\/\/misteriodeobanos.org\/wp-content\/uploads\/2022\/05\/Iglesia2.jpg\" class=\"tm-single-image-img\" alt=\"\" \/><\/div><\/div>[\/vc_column][\/vc_row][vc_row tm_bgcolor=\u00a0\u00bbdarkgrey\u00a0\u00bb tm_bgimagefixed=\u00a0\u00bb\u00a0\u00bb full_width=\u00a0\u00bbstretch_row\u00a0\u00bb css=\u00a0\u00bb.vc_custom_1652959814495{padding-top: 90px !important;padding-bottom: 290px !important;background-image: url(https:\/\/misteriodeobanos.org\/wp-content\/uploads\/2022\/05\/plaza.jpg?id=1739) !important;background-position: center !important;background-repeat: no-repeat !important;background-size: cover !important;}\u00a0\u00bb tm_responsive_css=\u00a0\u00bb11951317|colbreak_no|||||||||colbreak_no|||||55px||50px||colbreak_no||||||||||colbreak_no|||||||||\u00a0\u00bb][vc_column tm_col_bg_expand=\u00a0\u00bbright\u00a0\u00bb][vc_row_inner break_in_responsive=\u00a0\u00bb991&Prime; css=\u00a0\u00bb.vc_custom_1616483394113{padding-bottom: 20px !important;}\u00a0\u00bb][vc_column_inner tm_textcolor=\u00a0\u00bbwhite\u00a0\u00bb width=\u00a0\u00bb1\/6&Prime;][\/vc_column_inner][vc_column_inner width=\u00a0\u00bb2\/3&Prime;]<h2 style=\"text-align:center;font-size:40px;line-height:50px;\" class=\"tm-custom-heading tm-reset-h2-font-responsive tm-fontweight-normal \" >Les chiffres du <b>Myst\u00e8re<\/b> d'Obanos.<\/h2>\n[\/vc_column_inner][vc_column_inner width=\u00a0\u00bb1\/6&Prime;][\/vc_column_inner][vc_column_inner][\/vc_column_inner][\/vc_row_inner][vc_row_inner css=\u00a0\u00bb.vc_custom_1616580921336{margin-left: -29px !important;padding-top: 20px !important;padding-bottom: 50px !important;}\u00a0\u00bb tm_responsive_css=\u00a0\u00bb24504793|colbreak_no|||||||||colbreak_no|||||||||colbreak_no|||||||20px|||colbreak_no|||||||||\u00a0\u00bb][vc_column_inner tm_textcolor=\u00a0\u00bbwhite\u00a0\u00bb width=\u00a0\u00bb1\/4&Prime;]\n\n<div class=\"tm-fid inside tm-fid-with-icon tm-fid-view-topicon tm-fid-with-border\">\n\t<div class=\"tm-fid-icon-wrapper\"><i class=\"kw_fablio flaticon-suit\"><\/i><\/div>\t<div class=\"tm-fld-contents\">\n\t\t<h4 class=\"tm-fid-inner\">\n\t\t\t\t\t\t<span\n\t\t\t\tdata-appear-animation = \"animateDigits\"\n\t\t\t\tdata-from             = \"0\"\n\t\t\t\tdata-to               = \"1056\"\n\t\t\t\tdata-interval         = \"5\"\n\t\t\t\tdata-before           = \"\"\n\t\t\t\tdata-before-style     = \"sup\"\n\t\t\t\tdata-after            = \"\"\n\t\t\t\tdata-after-style      = \"sup\"\n\t\t\t\t>\n\t\t\t\t\t1056\t\t\t<\/span>\n\t\t\t\t\t<\/h4>\n\t\t<h3 class=\"tm-fid-title\"><span>Costumes<br><\/span><\/h3>\n\t<\/div><!-- .tm-fld-contents -->\n\t<\/div>\n\n\n\n[\/vc_column_inner][vc_column_inner tm_textcolor=\u00a0\u00bbwhite\u00a0\u00bb width=\u00a0\u00bb1\/4&Prime; css=\u00a0\u00bb.vc_custom_1614572034734{margin-left: -25px !important;}\u00a0\u00bb tm_responsive_css=\u00a0\u00bb87903927|colbreak_no|||||||||colbreak_no||||0px|||||colbreak_no||||||||||colbreak_no|||||||||\u00a0\u00bb]\n\n<div class=\"tm-fid inside tm-fid-with-icon tm-fid-view-topicon tm-fid-with-border\">\n\t<div class=\"tm-fid-icon-wrapper\"><i class=\"fa fa-fort-awesome\"><\/i><\/div>\t<div class=\"tm-fld-contents\">\n\t\t<h4 class=\"tm-fid-inner\">\n\t\t\t\t\t\t<span\n\t\t\t\tdata-appear-animation = \"animateDigits\"\n\t\t\t\tdata-from             = \"0\"\n\t\t\t\tdata-to               = \"+20\"\n\t\t\t\tdata-interval         = \"5\"\n\t\t\t\tdata-before           = \"\"\n\t\t\t\tdata-before-style     = \"sup\"\n\t\t\t\tdata-after            = \"\"\n\t\t\t\tdata-after-style      = \"sup\"\n\t\t\t\t>\n\t\t\t\t\t+20\t\t\t<\/span>\n\t\t\t\t\t<\/h4>\n\t\t<h3 class=\"tm-fid-title\"><span>Voitures<br><\/span><\/h3>\n\t<\/div><!-- .tm-fld-contents -->\n\t<\/div>\n\n\n\n[\/vc_column_inner][vc_column_inner tm_textcolor=\u00a0\u00bbwhite\u00a0\u00bb width=\u00a0\u00bb1\/4&Prime; css=\u00a0\u00bb.vc_custom_1614572063981{margin-left: -45px !important;}\u00a0\u00bb tm_responsive_css=\u00a0\u00bb66651155|colbreak_no|||||||||colbreak_no||||0px|||||colbreak_no||||||||||colbreak_no|||||||||\u00a0\u00bb]\n\n<div class=\"tm-fid inside tm-fid-with-icon tm-fid-view-topicon tm-fid-with-border\">\n\t<div class=\"tm-fid-icon-wrapper\"><i class=\"kw_fablio flaticon-clock\"><\/i><\/div>\t<div class=\"tm-fld-contents\">\n\t\t<h4 class=\"tm-fid-inner\">\n\t\t\t\t\t\t<span\n\t\t\t\tdata-appear-animation = \"animateDigits\"\n\t\t\t\tdata-from             = \"0\"\n\t\t\t\tdata-to               = \"1965\"\n\t\t\t\tdata-interval         = \"5\"\n\t\t\t\tdata-before           = \"\"\n\t\t\t\tdata-before-style     = \"sup\"\n\t\t\t\tdata-after            = \"\"\n\t\t\t\tdata-after-style      = \"sup\"\n\t\t\t\t>\n\t\t\t\t\t1965\t\t\t<\/span>\n\t\t\t\t\t<\/h4>\n\t\t<h3 class=\"tm-fid-title\"><span>Depuis l'ann\u00e9e<br><\/span><\/h3>\n\t<\/div><!-- .tm-fld-contents -->\n\t<\/div>\n\n\n\n[\/vc_column_inner][vc_column_inner tm_textcolor=\u00a0\u00bbwhite\u00a0\u00bb width=\u00a0\u00bb1\/4&Prime; css=\u00a0\u00bb.vc_custom_1614572286372{margin-left: -30px !important;}\u00a0\u00bb tm_responsive_css=\u00a0\u00bb38129105|colbreak_no|||||||||colbreak_no||||0px|||||colbreak_no||||||||||colbreak_no|||||||||\u00a0\u00bb]\n\n<div class=\"tm-fid inside tm-fid-with-icon tm-fid-view-topicon tm-fid-with-border\">\n\t<div class=\"tm-fid-icon-wrapper\"><i class=\"kw_fablio flaticon-placeholder\"><\/i><\/div>\t<div class=\"tm-fld-contents\">\n\t\t<h4 class=\"tm-fid-inner\">\n\t\t\t\t\t\t<span\n\t\t\t\tdata-appear-animation = \"animateDigits\"\n\t\t\t\tdata-from             = \"0\"\n\t\t\t\tdata-to               = \"+100\"\n\t\t\t\tdata-interval         = \"5\"\n\t\t\t\tdata-before           = \"\"\n\t\t\t\tdata-before-style     = \"sup\"\n\t\t\t\tdata-after            = \"\"\n\t\t\t\tdata-after-style      = \"sup\"\n\t\t\t\t>\n\t\t\t\t\t+100\t\t\t<\/span>\n\t\t\t\t\t<\/h4>\n\t\t<h3 class=\"tm-fid-title\"><span>Actions<br><\/span><\/h3>\n\t<\/div><!-- .tm-fld-contents -->\n\t<\/div>\n\n\n\n[\/vc_column_inner][\/vc_row_inner][vc_column_text css=\u00a0\u00bb.vc_custom_1655196999967{margin-bottom: 0px !important;}\u00a0\u00bb]<\/p>\n<p style=\"text-align: center;\">Outre ces costumes et ces carrosses, on trouve des outils pour la cavalerie, des banni\u00e8res, des \u00e9p\u00e9es, des boucliers, des armures, etc.<\/p>\n<p>[\/vc_column_text][\/vc_column][\/vc_row][vc_row tm_bgimagefixed=\u00a0\u00bb\u00a0\u00bb full_width=\u00a0\u00bbstretch_row\u00a0\u00bb tm_responsive_css=\u00a0\u00bb47482487|colbreak_no|||||||||colbreak_no|0px||||50px||60px||colbreak_no||||||||||colbreak_no|||||||||\u00a0\u00bb css=\u00a0\u00bb.vc_custom_1652959986185{margin-top: -175px !important;}\u00a0\u00bb][vc_column tm_col_bg_expand=\u00a0\u00bbleft\u00a0\u00bb tm_zindex=\u00a0\u00bb1&Prime; css=\u00a0\u00bb.vc_custom_1655195158526{margin-top: -100px !important;margin-bottom: -205px !important;margin-left: 70px !important;padding-top: 80px !important;padding-bottom: 200px !important;background-image: url(https:\/\/misteriodeobanos.org\/wp-content\/uploads\/2022\/06\/row-bg-011.jpg?id=2793) !important;background-position: center !important;background-repeat: no-repeat !important;background-size: cover !important;}\u00a0\u00bb tm_responsive_css=\u00a0\u00bb64225822|colbreak_no|||||||||colbreak_no|-49px||0|0px|40px||30px||colbreak_no||||||||||colbreak_no|||||||||\u00a0\u00bb][vc_row_inner css=\u00a0\u00bb.vc_custom_1616564691076{margin-left: -85px !important;padding-right: 70px !important;}\u00a0\u00bb tm_responsive_css=\u00a0\u00bb52535592|colbreak_no|||||||||colbreak_no||||-15px||15px|||colbreak_no||||||||||colbreak_no|||||||||\u00a0\u00bb][vc_column_inner]<div class=\"tm-element-heading-wrapper tm-heading-inner tm-element-align-left tm-seperator-none tm-heading-style-horizontal \"><section class=\"tm-vc_cta3-container\"><div class=\"tm-vc_general tm-vc_cta3 tm-cta3-only tm-vc_cta3-style-classic tm-vc_cta3-shape-rounded tm-vc_cta3-align-left tm-vc_cta3-color-transparent tm-vc_cta3-icon-size-md tm-vc_cta3-actions-no tm-cta3-with-desc\"><div class=\"tm-vc_cta3_content-container\"><div class=\"tm-vc_cta3-content\"><header class=\"tm-vc_cta3-content-header tm-wrap\"><div class=\"tm-vc_cta3-headers tm-wrap-cell\"><h4 class=\"tm-custom-heading \" >``Sur le martyre de Sainte F\u00e9licia et la p\u00e9nitence de Saint Guill\u00e9n``.<\/h4>\n<h2 class=\"tm-custom-heading \" >La l\u00e9gende <b>Continua<\/b><\/h2>\n<\/div><div class=\"heading-seperator\"><span><\/span><\/div><\/header><div class=\"tm-cta3-content-wrapper\"><p>Aussi connu sous le nom de \u00ab\u00a0Myst\u00e8re d&rsquo;Obanos\u00a0\u00bb.<\/p><\/div><\/div><\/div><\/div><\/section><\/div> <!-- .tm-element-heading-wrapper container --> [vc_empty_space][\/vc_column_inner][\/vc_row_inner][\/vc_column][\/vc_row][vc_row tm_bgimagefixed=\u00a0\u00bb\u00a0\u00bb tm_zindex=\u00a0\u00bb2&Prime; css=\u00a0\u00bb.vc_custom_1652959993885{padding-top: 0px !important;padding-bottom: 63px !important;}\u00a0\u00bb tm_responsive_css=\u00a0\u00bb26591964|colbreak_no|||||||||colbreak_no|25px||||||0px||colbreak_no||||||||||colbreak_no|||||||||\u00a0\u00bb][vc_column tm_zindex=\u00a0\u00bb2&Prime; css=\u00a0\u00bb.vc_custom_1616418480005{margin-top: -60px !important;}\u00a0\u00bb][vc_row_inner][vc_column_inner width=\u00a0\u00bb1\/3&Prime;]<div class=\"tm-single-image-wrapper imagestyle-six wpb_single_image vc_align_center \"><div class=\"tm-single-image-inner\"><img decoding=\"async\" src=\"https:\/\/misteriodeobanos.org\/wp-content\/uploads\/2022\/05\/Fundacionfoto.jpg\" class=\"tm-single-image-img\" alt=\"\" \/><\/div><\/div>[vc_empty_space height=\u00a0\u00bb20px\u00a0\u00bb][vc_column_text]<strong>FOUNDATION<\/strong><\/p>\n<p><a href=\"https:\/\/misteriodeobanos.org\/fr\/foundation\/\">Les neuf administrateurs constituent le conseil d&rsquo;administration de la Fondation Misterio de Obanos.<\/a>[\/vc_column_text][\/vc_column_inner][vc_column_inner width=\u00a0\u00bb1\/3&Prime;]<div class=\"tm-single-image-wrapper imagestyle-six wpb_single_image vc_align_center \"><div class=\"tm-single-image-inner\"><img decoding=\"async\" src=\"https:\/\/misteriodeobanos.org\/wp-content\/uploads\/2022\/05\/misterio.jpg\" class=\"tm-single-image-img\" alt=\"\" \/><\/div><\/div>[vc_empty_space height=\u00a0\u00bb20px\u00a0\u00bb][vc_column_text]<strong>MYSTERY<\/strong><\/p>\n<p><a href=\"https:\/\/misteriodeobanos.org\/fr\/mystery\/\">Le Myst\u00e8re d&rsquo;Obanos est une repr\u00e9sentation th\u00e9\u00e2trale \u00e0 grande \u00e9chelle d&rsquo;une nature religieuse&#8230;..<\/a>[\/vc_column_text][\/vc_column_inner][vc_column_inner width=\u00a0\u00bb1\/3&Prime;]<div class=\"tm-single-image-wrapper imagestyle-six wpb_single_image vc_align_center \"><div class=\"tm-single-image-inner\"><img decoding=\"async\" src=\"https:\/\/misteriodeobanos.org\/wp-content\/uploads\/2022\/05\/periodicos.jpg\" class=\"tm-single-image-img\" alt=\"\" \/><\/div><\/div>[vc_empty_space height=\u00a0\u00bb20px\u00a0\u00bb][vc_column_text]<strong>REMERCIEMENTS<\/strong><\/p>\n<p><a href=\"https:\/\/misteriodeobanos.org\/fr\/remerciements\/\">Reconnaissance et r\u00e9compenses re\u00e7ues par la fondation pour son travail&#8230;<\/a>[\/vc_column_text][\/vc_column_inner][\/vc_row_inner][\/vc_column][\/vc_row][vc_row tm_bgcolor=\u00a0\u00bbskincolor\u00a0\u00bb tm_bgimagefixed=\u00a0\u00bb\u00a0\u00bb break_in_responsive=\u00a0\u00bb991&Prime; full_width=\u00a0\u00bbstretch_row\u00a0\u00bb equal_height=\u00a0\u00bbyes\u00a0\u00bb disable_element=\u00a0\u00bbyes\u00a0\u00bb css=\u00a0\u00bb.vc_custom_1652972845897{padding-top: 0px !important;padding-bottom: 0px !important;}\u00a0\u00bb][vc_column tm_textcolor=\u00a0\u00bbwhite\u00a0\u00bb reduce_extra_padding=\u00a0\u00bb991&Prime; tm_col_bg_expand=\u00a0\u00bbleft\u00a0\u00bb tm_zindex=\u00a0\u00bb1&Prime; width=\u00a0\u00bb7\/12&Prime; css=\u00a0\u00bb.vc_custom_1616822283626{padding-top: 79px !important;padding-right: 255px !important;padding-bottom: 33px !important;background-image: url(https:\/\/misteriodeobanos.org\/wp-content\/uploads\/2021\/03\/col-bg-005.jpg?id=1092) !important;background-position: center !important;background-repeat: no-repeat !important;background-size: cover !important;}\u00a0\u00bb tm_responsive_css=\u00a0\u00bb90723244|colbreak_no|||||||||colbreak_no|||||45px||0px||colbreak_no||||||||||colbreak_no|||||||||\u00a0\u00bb][\/vc_column][vc_column width=\u00a0\u00bb5\/12&Prime; css=\u00a0\u00bb.vc_custom_1616493637660{margin-left: -70px !important;}\u00a0\u00bb tm_responsive_css=\u00a0\u00bb65648191|colbreak_no|||||||||colbreak_no||||0px|||||colbreak_no||||||||||colbreak_no|||||||||\u00a0\u00bb][vc_row_inner css=\u00a0\u00bb.vc_custom_1616567145340{padding-bottom: 16px !important;}\u00a0\u00bb el_class=\u00a0\u00bbtm-reset-all-left-991&Prime;][vc_column_inner reduce_extra_padding=\u00a0\u00bb991&Prime; css=\u00a0\u00bb.vc_custom_1616493631822{padding-top: 50px !important;padding-bottom: 16px !important;padding-left: 70px !important;}\u00a0\u00bb]<p style=\"text-align:right;font-size:26px;line-height:36px;color:#ffffff;\" class=\"tm-custom-heading vc_custom_1616491799520\" >Fablio is Operating In The Textile<\/p>\n<h2 style=\"text-align:right;font-size:26px;line-height:36px;color:#ffffff;\" class=\"tm-custom-heading \" ><b>Market Manufacture<\/b><\/h2>\n[\/vc_column_inner][\/vc_row_inner][vc_row_inner equal_height=\u00a0\u00bbyes\u00a0\u00bb css=\u00a0\u00bb.vc_custom_1616494069078{margin-right: 0px !important;}\u00a0\u00bb tm_responsive_css=\u00a0\u00bb40671697|colbreak_no|||||||||colbreak_no||-15px|||||||colbreak_no||||||||||colbreak_no|||||||||\u00a0\u00bb][vc_column_inner tm_bgcolor=\u00a0\u00bbdarkgrey\u00a0\u00bb reduce_extra_padding=\u00a0\u00bb991&Prime; el_class=\u00a0\u00bbtm-span tm-right-span\u00a0\u00bb css=\u00a0\u00bb.vc_custom_1616494279262{margin-left: -125px !important;padding-top: 60px !important;padding-right: 0px !important;padding-bottom: 16px !important;padding-left: 72px !important;}\u00a0\u00bb tm_responsive_css=\u00a0\u00bb62256968|colbreak_no|||||||||colbreak_no||||-15px|45px||0px|15px|colbreak_no||||||||||colbreak_no|||||||||\u00a0\u00bb]<div class=\"tm-element-heading-wrapper tm-heading-inner tm-element-align-left tm-seperator-none tm-heading-style-vertical \"><section class=\"tm-vc_cta3-container\"><div class=\"tm-vc_general tm-vc_cta3 tm-cta3-only tm-vc_cta3-style-classic tm-vc_cta3-shape-rounded tm-vc_cta3-align-left tm-vc_cta3-color-transparent tm-vc_cta3-icon-size-md tm-vc_cta3-actions-no tm-cta3-with-desc\"><div class=\"tm-vc_cta3_content-container\"><div class=\"tm-vc_cta3-content\"><header class=\"tm-vc_cta3-content-header tm-wrap\"><div class=\"tm-vc_cta3-headers tm-wrap-cell\"><h4 class=\"tm-custom-heading \" >Measurements<\/h4>\n<h2 class=\"tm-custom-heading \" >We Take Occupational Health &amp; <b>Safety Measurements<\/b><\/h2>\n<\/div><div class=\"heading-seperator\"><span><\/span><\/div><\/header><div class=\"tm-cta3-content-wrapper\"><p>Our health experts initiate health promotion solutions that are tailored to working conditions and based on participation.<\/p><\/div><\/div><\/div><\/div><\/section><\/div> <!-- .tm-element-heading-wrapper container --> [\/vc_column_inner][\/vc_row_inner][vc_row_inner equal_height=\u00a0\u00bbyes\u00a0\u00bb css=\u00a0\u00bb.vc_custom_1616494077190{margin-top: -9px !important;}\u00a0\u00bb tm_responsive_css=\u00a0\u00bb88329053|colbreak_no||0px|||||||colbreak_no||-15px|||||||colbreak_no||||||||||colbreak_no|||||||||\u00a0\u00bb][vc_column_inner tm_textcolor=\u00a0\u00bbwhite\u00a0\u00bb tm_bgcolor=\u00a0\u00bbdarkgrey\u00a0\u00bb width=\u00a0\u00bb1\/2&Prime; css=\u00a0\u00bb.vc_custom_1616494032262{margin-left: -125px !important;padding-left: 72px !important;}\u00a0\u00bb tm_responsive_css=\u00a0\u00bb34517020|colbreak_no|||||||||colbreak_no||||0px||||15px|colbreak_no||||||||||colbreak_no|||||||||\u00a0\u00bb]<div class=\"themetechmount-iconbox themetechmount-iconbox-stylesix themetechmount-iconbox-style14 \">\n\t<div class=\"themetechmount-iconbox-inner tm-iconstyle-rounded\">\n\t\t<div class=\"tm-iconbox-wrapper tm-wrap\">\n\t\t\t<div class=\"themetechmount-iconbox-icon tm-wrap-cell\">\n\t\t\t\t<div class=\"tm-box-icon\"><i class=\"fa fa-check\"><\/i><\/div>\t\n\t\t\t<\/div>\n\t\t\t<div class=\"themetechmount-iconbox-heading tm-wrap-cell\">\n\t\t\t\t<div class=\"tm-vc_general tm-vc_cta3 tm-cta3-only tm-vc_cta3-style-classic tm-vc_cta3-shape-rounded tm-vc_cta3-align-left tm-vc_cta3-color-transparent tm-vc_cta3-icon-size-md tm-vc_cta3-actions-no tm-cta3-without-desc\"><div class=\"tm-vc_cta3_content-container\"><div class=\"tm-vc_cta3-content\"><header class=\"tm-vc_cta3-content-header tm-wrap\"><div class=\"tm-vc_cta3-headers tm-wrap-cell\"><h2 class=\"tm-custom-heading \">Safety At Work<\/h2>\n<\/div><div class=\"heading-seperator\"><span><\/span><\/div><\/header><\/div><\/div><\/div>\t\t\t<\/div>\n\t\t<\/div>\n\t\t\t<div class=\"tm-iconbox-boxcontent\">\t\t\t\n\t\t\t<div class=\"tm-cta3-content-wrapper\">We make workplace safe any aspects for employees<br \/>\n<\/div>\t\t\t\t<div class=\"themetechmount-iconbox-button\">\n\t\t\t\t\t\t\t\t\t<\/div>\n\t\t\t<\/div>\t\t\t\n\t<\/div>\t\n<\/div>\n[\/vc_column_inner][vc_column_inner tm_textcolor=\u00a0\u00bbwhite\u00a0\u00bb tm_bgcolor=\u00a0\u00bbdarkgrey\u00a0\u00bb el_class=\u00a0\u00bbtm-span tm-right-span\u00a0\u00bb width=\u00a0\u00bb1\/2&Prime;]<div class=\"themetechmount-iconbox themetechmount-iconbox-stylesix themetechmount-iconbox-style14 \">\n\t<div class=\"themetechmount-iconbox-inner tm-iconstyle-rounded\">\n\t\t<div class=\"tm-iconbox-wrapper tm-wrap\">\n\t\t\t<div class=\"themetechmount-iconbox-icon tm-wrap-cell\">\n\t\t\t\t<div class=\"tm-box-icon\"><i class=\"fa fa-check\"><\/i><\/div>\t\n\t\t\t<\/div>\n\t\t\t<div class=\"themetechmount-iconbox-heading tm-wrap-cell\">\n\t\t\t\t<div class=\"tm-vc_general tm-vc_cta3 tm-cta3-only tm-vc_cta3-style-classic tm-vc_cta3-shape-rounded tm-vc_cta3-align-left tm-vc_cta3-color-transparent tm-vc_cta3-icon-size-md tm-vc_cta3-actions-no tm-cta3-without-desc\"><div class=\"tm-vc_cta3_content-container\"><div class=\"tm-vc_cta3-content\"><header class=\"tm-vc_cta3-content-header tm-wrap\"><div class=\"tm-vc_cta3-headers tm-wrap-cell\"><h2 class=\"tm-custom-heading \">Healthy Place<\/h2>\n<\/div><div class=\"heading-seperator\"><span><\/span><\/div><\/header><\/div><\/div><\/div>\t\t\t<\/div>\n\t\t<\/div>\n\t\t\t<div class=\"tm-iconbox-boxcontent\">\t\t\t\n\t\t\t<div class=\"tm-cta3-content-wrapper\">Activities are perform by experts at enterprise level<br \/>\n<\/div>\t\t\t\t<div class=\"themetechmount-iconbox-button\">\n\t\t\t\t\t\t\t\t\t<\/div>\n\t\t\t<\/div>\t\t\t\n\t<\/div>\t\n<\/div>\n[\/vc_column_inner][\/vc_row_inner][vc_row_inner equal_height=\u00a0\u00bbyes\u00a0\u00bb css=\u00a0\u00bb.vc_custom_1616494349213{margin-right: 0px !important;margin-bottom: -75px !important;}\u00a0\u00bb tm_responsive_css=\u00a0\u00bb99137025|colbreak_no|||||||||colbreak_no|-30px|-15px|0px||||||colbreak_no||||||||||colbreak_no|||||||||\u00a0\u00bb][vc_column_inner tm_bgcolor=\u00a0\u00bbdarkgrey\u00a0\u00bb reduce_extra_padding=\u00a0\u00bb991&Prime; el_class=\u00a0\u00bbtm-span tm-right-span\u00a0\u00bb css=\u00a0\u00bb.vc_custom_1616494294502{margin-left: -125px !important;padding-top: 11px !important;padding-right: 0px !important;padding-bottom: 35px !important;padding-left: 72px !important;}\u00a0\u00bb tm_responsive_css=\u00a0\u00bb62256968|colbreak_no|||||||||colbreak_no||||0px|||20px||colbreak_no||||||||||colbreak_no|||||||||\u00a0\u00bb][vc_separator color=\u00a0\u00bbcustom\u00a0\u00bb css=\u00a0\u00bb.vc_custom_1616492444342{padding-bottom: 5px !important;}\u00a0\u00bb accent_color=\u00a0\u00bbrgba(255,255,255,0.06)\u00a0\u00bb]<div class=\"themetechmount-progress-bar vc_progress_bar wpb_content_element vc_progress-bar-color-skincolor vc_progress-bar-color-skincolor\"><div class=\"tm-pbar-single-bar-w tm-pbar-icon-false\"><div class=\"vc_general vc_single_bar\"><small class=\"vc_label\">Textile<\/small><div class=\"vc_bar \" data-percentage-value=\"90\" data-value=\"90\"><span class=\"tm-vc_label_units vc_label_units\">90%<\/span><\/div><\/div><\/div><div class=\"tm-pbar-single-bar-w tm-pbar-icon-false\"><div class=\"vc_general vc_single_bar\"><small class=\"vc_label\">Manufacture<\/small><div class=\"vc_bar \" data-percentage-value=\"80\" data-value=\"80\"><span class=\"tm-vc_label_units vc_label_units\">80%<\/span><\/div><\/div><\/div><\/div>[\/vc_column_inner][\/vc_row_inner][\/vc_column][\/vc_row]<\/p>\n<\/div>","protected":false},"excerpt":{"rendered":"<p>[vc_section][vc_row tm_bgimagefixed=\u00a0\u00bb\u00a0\u00bb disable_element=\u00a0\u00bbyes\u00a0\u00bb][vc_column][vc_empty_space][\/vc_column][\/vc_row][vc_row tm_bgcolor=\u00a0\u00bbgrey\u00a0\u00bb tm_bgimagefixed=\u00a0\u00bb\u00a0\u00bb disable_element=\u00a0\u00bbyes\u00a0\u00bb css=\u00a0\u00bb.vc_custom_1700151966683{margin-top: 30px !important;}\u00a0\u00bb][vc_column width=\u00a0\u00bb1\/2&Prime;][\/vc_column][vc_column width=\u00a0\u00bb1\/2&Prime;][vc_btn title=\u00a0\u00bbVOIR PLUS\u00a0\u00bb link=\u00a0\u00bburl:https%3A%2F%2Fmisteriodeobanos.org%2Ffr%2Fle-choeur-de-chambre-salix-cantor-premier-prix-du-concours-national-de-chant-choral-arnotegui-de-musique-medievale-et-de-la-renaissance%2F\u00a0\u00bb][\/vc_column][\/vc_row][vc_row tm_bgimagefixed=\u00a0\u00bb\u00a0\u00bb disable_element=\u00a0\u00bbyes\u00a0\u00bb][vc_column][vc_empty_space][\/vc_column][\/vc_row][\/vc_section][vc_row tm_bgimagefixed=\u00a0\u00bb\u00a0\u00bb break_in_responsive=\u00a0\u00bb991&Prime; tm_responsive_css=\u00a0\u00bb35979899|colbreak_no|||||||||colbreak_no|||||30px||30px||colbreak_no||||||||||colbreak_no|||||||||\u00a0\u00bb][vc_column][vc_row_inner][vc_column_inner][vc_empty_space height=\u00a0\u00bb64px\u00a0\u00bb][vc_cta h2=\u00a0\u00bbVous pouvez voir notre garde-robe ici.\u00a0\u00bb h2_font_container=\u00a0\u00bbtag:h3|text_align:center\u00a0\u00bb h2_google_fonts=\u00a0\u00bbfont_family:Roboto%3A100%2C100italic%2C300%2C300italic%2Cregular%2Citalic%2C500%2C500italic%2C700%2C700italic%2C900%2C900italic|font_style:400%20regular%3A400%3Anormal\u00a0\u00bb txt_align=\u00a0\u00bbcenter\u00a0\u00bb add_button=\u00a0\u00bbright\u00a0\u00bb btn_title=\u00a0\u00bbCostumes\u00a0\u00bb btn_color=\u00a0\u00bbjuicy-pink\u00a0\u00bb use_custom_fonts_h2=\u00a0\u00bbtrue\u00a0\u00bb btn_link=\u00a0\u00bburl:https%3A%2F%2Fvestuario.misteriodeobanos.org%2F|target:_blank\u00a0\u00bb][\/vc_cta][vc_empty_space height=\u00a0\u00bb64px\u00a0\u00bb][\/vc_column_inner][\/vc_row_inner][vc_empty_space height=\u00a0\u00bb64px\u00a0\u00bb][\/vc_column][\/vc_row][vc_row tm_bgimagefixed=\u00a0\u00bbtrue\u00a0\u00bb full_width=\u00a0\u00bbstretch_row\u00a0\u00bb css=\u00a0\u00bb.vc_custom_1652290259046{margin-top: -12px !important;padding-top: 0px !important;padding-bottom: 150px !important;background-image: url(https:\/\/misteriodeobanos.org\/wp-content\/uploads\/2022\/05\/fondo1.jpg?id=1711) !important;}\u00a0\u00bb tm_responsive_css=\u00a0\u00bb72223674|colbreak_no|||||||||colbreak_no|||||||0px||colbreak_no||||||||||colbreak_no|||||||||\u00a0\u00bb][vc_column width=\u00a0\u00bb5\/12&Prime;][vc_row_inner css=\u00a0\u00bb.vc_custom_1615877091941{padding-right: 86px !important;padding-left: 54px !important;}\u00a0\u00bb tm_responsive_css=\u00a0\u00bb21412677|colbreak_no|||||||||colbreak_no|||15px|||0px||0px|colbreak_no||||||||||colbreak_no|||||||||\u00a0\u00bb][vc_column_inner &hellip; <a href=\"https:\/\/misteriodeobanos.org\/fr\/joyeux-noel-2024\/\" class=\"more-link\">Continue reading <span class=\"screen-reader-text\">Joyeux No\u00ebl 2024<\/span><\/a><\/p>\n","protected":false},"author":1,"featured_media":0,"parent":0,"menu_order":0,"comment_status":"closed","ping_status":"closed","template":"","meta":{"_monsterinsights_skip_tracking":false,"_monsterinsights_sitenote_active":false,"_monsterinsights_sitenote_note":"","_monsterinsights_sitenote_category":0,"footnotes":""},"class_list":["post-2783","page","type-page","status-publish","hentry"],"_links":{"self":[{"href":"https:\/\/misteriodeobanos.org\/fr\/wp-json\/wp\/v2\/pages\/2783","targetHints":{"allow":["GET"]}}],"collection":[{"href":"https:\/\/misteriodeobanos.org\/fr\/wp-json\/wp\/v2\/pages"}],"about":[{"href":"https:\/\/misteriodeobanos.org\/fr\/wp-json\/wp\/v2\/types\/page"}],"author":[{"embeddable":true,"href":"https:\/\/misteriodeobanos.org\/fr\/wp-json\/wp\/v2\/users\/1"}],"replies":[{"embeddable":true,"href":"https:\/\/misteriodeobanos.org\/fr\/wp-json\/wp\/v2\/comments?post=2783"}],"version-history":[{"count":10,"href":"https:\/\/misteriodeobanos.org\/fr\/wp-json\/wp\/v2\/pages\/2783\/revisions"}],"predecessor-version":[{"id":3938,"href":"https:\/\/misteriodeobanos.org\/fr\/wp-json\/wp\/v2\/pages\/2783\/revisions\/3938"}],"wp:attachment":[{"href":"https:\/\/misteriodeobanos.org\/fr\/wp-json\/wp\/v2\/media?parent=2783"}],"curies":[{"name":"wp","href":"https:\/\/api.w.org\/{rel}","templated":true}]}}