{"id":2757,"date":"2022-05-20T17:04:37","date_gmt":"2022-05-20T17:04:37","guid":{"rendered":"https:\/\/misteriodeobanos.org\/foundation\/hermandad\/"},"modified":"2022-06-13T15:34:37","modified_gmt":"2022-06-13T15:34:37","slug":"confrerie","status":"publish","type":"page","link":"https:\/\/misteriodeobanos.org\/fr\/foundation\/confrerie\/","title":{"rendered":"CONFR\u00c9RIE"},"content":{"rendered":"<div class=\"wpb-content-wrapper\"><p>[vc_row][vc_column][vc_empty_space]<h2 style=\"text-align:left;color:#c3002f;\" class=\"tm-custom-heading \" >Confr\u00e9rie des ermites d'Arnotegui<\/h2>\n[vc_empty_space][\/vc_column][\/vc_row][vc_row][vc_column][vc_column_text]Depuis sa cr\u00e9ation en 1967, la Hermandad de Ermita\u00f1os de Arnotegui a \u00e9t\u00e9 charg\u00e9e d&rsquo;organiser la mise en sc\u00e8ne du Myst\u00e8re, une t\u00e2che qu&rsquo;elle continue d&rsquo;accomplir aujourd&rsquo;hui au sein de la Fundaci\u00f3n Misterio de Obanos, \u00e0 laquelle elle appartient en tant que m\u00e9c\u00e8ne fondateur.[\/vc_column_text][\/vc_column][\/vc_row][vc_row][vc_column][vc_column_text]<strong>En tant qu&rsquo;association sans but lucratif, la Confr\u00e9rie oriente son activit\u00e9 vers la r\u00e9alisation des objectifs suivants :<\/strong>[\/vc_column_text][\/vc_column][\/vc_row][vc_row][vc_column]<ul class=\"tm-list tm-list-style-icon tm-list-icon-color-skincolor tm- tm-icon-skincolor tm-list-textsize- tm-list-icon-library-fontawesome\"><li><i class=\"tm-skincolor fa fa-caret-right\"><\/i>  <span class=\"tm-list-li-content\">Encourager le culte et la d\u00e9votion \u00e0 Sainte Marie.<\/span><\/li><li><i class=\"tm-skincolor fa fa-caret-right\"><\/i>  <span class=\"tm-list-li-content\">Encourager et faciliter tout type de r\u00e9unions et de rencontres qui favorisent le d\u00e9veloppement religieux, culturel, touristique et social de la ville d'Obanos et collaborer avec la Fondation \"Misterio de Obanos\". La Confr\u00e9rie des Ermites d'Arnotegui est compos\u00e9e en grande partie d'habitants de la ville d'Obanos et aussi d'autres villes.<\/span><\/li><li><i class=\"tm-skincolor fa fa-caret-right\"><\/i>  <span class=\"tm-list-li-content\">R\u00e9aliser les activit\u00e9s culturelles et sociales qu'il juge appropri\u00e9es.<\/span><\/li><li><i class=\"tm-skincolor fa fa-caret-right\"><\/i>  <span class=\"tm-list-li-content\">Collaborer avec la Fondation \"Misterio de Obanos\" pour entretenir les costumes et les repr\u00e9sentations du \"Misterio de Obanos\".<\/span><\/li><\/ul>[\/vc_column][\/vc_row][vc_row][vc_column][vc_empty_space]<h2 style=\"text-align:left;color:#c3002f;\" class=\"tm-custom-heading \" >Composition de la confr\u00e9rie<\/h2>\n[\/vc_column][\/vc_row][vc_row][vc_column][vc_row_inner][vc_column_inner][vc_column_text]La Hermandad de Ermita\u00f1os de Arnotegui est compos\u00e9e de personnes \u00e2g\u00e9es de plus de 18 ans qui, ayant d\u00fbment demand\u00e9 leur adh\u00e9sion, souhaitent coop\u00e9rer \u00e0 ses objectifs et acceptent les statuts.[\/vc_column_text][vc_column_text]<strong>Les partenaires assument les m\u00eames droits :<\/strong>[\/vc_column_text]<ul class=\"tm-list tm-list-style-icon tm-list-icon-color-skincolor tm- tm-icon-skincolor tm-list-textsize- tm-list-icon-library-fontawesome\"><li><i class=\"tm-skincolor fa fa-caret-right\"><\/i>  <span class=\"tm-list-li-content\">Participer \u00e0 l'Assembl\u00e9e g\u00e9n\u00e9rale avec le droit de parole et de vote. <\/span><\/li><li><i class=\"tm-skincolor fa fa-caret-right\"><\/i>  <span class=\"tm-list-li-content\">\u00catre \u00e9lu pour servir en tant que membre du conseil d'administration. <\/span><\/li><li><i class=\"tm-skincolor fa fa-caret-right\"><\/i>  <span class=\"tm-list-li-content\">\u00catre inform\u00e9 de l'\u00e9volution de l'Association.<\/span><\/li><\/ul>[\/vc_column_inner][\/vc_row_inner][\/vc_column][\/vc_row][vc_row][vc_column width=\u00a0\u00bb1\/2&Prime;][vc_column_text]<strong>Ce sont les devoirs des membres :<\/strong>[\/vc_column_text]<ul class=\"tm-list tm-list-style-icon tm-list-icon-color-skincolor tm- tm-icon-skincolor tm-list-textsize- tm-list-icon-library-fontawesome\"><li><i class=\"tm-skincolor fa fa-caret-right\"><\/i>  <span class=\"tm-list-li-content\">Maintenir et conserver la chapelle Arnotegui. <\/span><\/li><li><i class=\"tm-skincolor fa fa-caret-right\"><\/i>  <span class=\"tm-list-li-content\">Collaborez et aidez \u00e0 la f\u00eate de San Guillermo et Romer\u00edas. <\/span><\/li><li><i class=\"tm-skincolor fa fa-caret-right\"><\/i>  <span class=\"tm-list-li-content\">Payez la cotisation annuelle.<\/span><\/li><\/ul>[\/vc_column][vc_column width=\u00a0\u00bb1\/2&Prime;][vc_single_image image=\u00a0\u00bb1662&Prime; img_size=\u00a0\u00bbfull\u00a0\u00bb][\/vc_column][\/vc_row][vc_row][vc_column][vc_empty_space][vc_column_text]Le conseil d&rsquo;administration est compos\u00e9 du pr\u00e9sident ou Ermita\u00f1o Mayor, du vice-pr\u00e9sident ou Second Ermita\u00f1o, du secr\u00e9taire ou Cronista, du tr\u00e9sorier, de quatre membres et de l&rsquo;aum\u00f4nier. Aujourd&rsquo;hui, ce sont eux qui portent le poids principal de l&rsquo;organisation du Myst\u00e8re des Obanos.[\/vc_column_text][\/vc_column][\/vc_row]<\/p>\n<\/div>","protected":false},"excerpt":{"rendered":"<p>[vc_row][vc_column][vc_empty_space][vc_empty_space][\/vc_column][\/vc_row][vc_row][vc_column][vc_column_text]Depuis sa cr\u00e9ation en 1967, la Hermandad de Ermita\u00f1os de Arnotegui a \u00e9t\u00e9 charg\u00e9e d&rsquo;organiser la mise en sc\u00e8ne du Myst\u00e8re, une t\u00e2che qu&rsquo;elle continue d&rsquo;accomplir aujourd&rsquo;hui au sein de la Fundaci\u00f3n Misterio de Obanos, \u00e0 laquelle elle appartient en tant que m\u00e9c\u00e8ne fondateur.[\/vc_column_text][\/vc_column][\/vc_row][vc_row][vc_column][vc_column_text]En tant qu&rsquo;association sans but lucratif, la Confr\u00e9rie oriente son activit\u00e9 vers &hellip; <a href=\"https:\/\/misteriodeobanos.org\/fr\/foundation\/confrerie\/\" class=\"more-link\">Continue reading <span class=\"screen-reader-text\">CONFR\u00c9RIE<\/span><\/a><\/p>\n","protected":false},"author":1,"featured_media":0,"parent":2721,"menu_order":0,"comment_status":"closed","ping_status":"closed","template":"","meta":{"_monsterinsights_skip_tracking":false,"_monsterinsights_sitenote_active":false,"_monsterinsights_sitenote_note":"","_monsterinsights_sitenote_category":0,"footnotes":""},"class_list":["post-2757","page","type-page","status-publish","hentry"],"_links":{"self":[{"href":"https:\/\/misteriodeobanos.org\/fr\/wp-json\/wp\/v2\/pages\/2757","targetHints":{"allow":["GET"]}}],"collection":[{"href":"https:\/\/misteriodeobanos.org\/fr\/wp-json\/wp\/v2\/pages"}],"about":[{"href":"https:\/\/misteriodeobanos.org\/fr\/wp-json\/wp\/v2\/types\/page"}],"author":[{"embeddable":true,"href":"https:\/\/misteriodeobanos.org\/fr\/wp-json\/wp\/v2\/users\/1"}],"replies":[{"embeddable":true,"href":"https:\/\/misteriodeobanos.org\/fr\/wp-json\/wp\/v2\/comments?post=2757"}],"version-history":[{"count":3,"href":"https:\/\/misteriodeobanos.org\/fr\/wp-json\/wp\/v2\/pages\/2757\/revisions"}],"predecessor-version":[{"id":2766,"href":"https:\/\/misteriodeobanos.org\/fr\/wp-json\/wp\/v2\/pages\/2757\/revisions\/2766"}],"up":[{"embeddable":true,"href":"https:\/\/misteriodeobanos.org\/fr\/wp-json\/wp\/v2\/pages\/2721"}],"wp:attachment":[{"href":"https:\/\/misteriodeobanos.org\/fr\/wp-json\/wp\/v2\/media?parent=2757"}],"curies":[{"name":"wp","href":"https:\/\/api.w.org\/{rel}","templated":true}]}}